{"id":1210,"date":"2022-03-14T15:18:30","date_gmt":"2022-03-14T19:18:30","guid":{"rendered":"https:\/\/nadereartsvivants.com\/evenements-speciaux-2\/"},"modified":"2022-04-20T15:38:28","modified_gmt":"2022-04-20T19:38:28","slug":"evenements-speciaux-2","status":"publish","type":"page","link":"https:\/\/nadereartsvivants.com\/en\/evenements-speciaux-2\/","title":{"rendered":"\u00c9v\u00e9nements sp\u00e9ciaux"},"content":{"rendered":"<div id=\"cs-content\" class=\"cs-content\"><\/div>\n","protected":false},"excerpt":{"rendered":"<p>&#8220;Faire Salon&#8221;Wednesday, September 22 at 11pm to Friday, September 24 at 10pm, continuously, Toulouse (France). &nbsp; For three days, Ya&euml;lle Antoine, Artistic Director of Compagnie d&#8217;ELLES (France), and Andr&eacute;ane Leclerc, Artistic Director of Nad&egrave;re Arts Vivants, have &#8221; made salon &#8221; at La Grainerie &#8211; Fabrique des arts du cirque et de l&#8217;itin&eacute;rance &#8211; P&ocirc;le europ&eacute;en de production. They invited &#8230; <a href=\"https:\/\/nadereartsvivants.com\/en\/evenements-speciaux-2\/\" class=\"more-link\">Read More<\/a><\/p>\n","protected":false},"author":2,"featured_media":0,"parent":0,"menu_order":1,"comment_status":"closed","ping_status":"closed","template":"","meta":{"_monsterinsights_skip_tracking":false,"_monsterinsights_sitenote_active":false,"_monsterinsights_sitenote_note":"","_monsterinsights_sitenote_category":0,"footnotes":"","_links_to":"","_links_to_target":""},"class_list":["post-1210","page","type-page","status-publish","hentry","no-post-thumbnail"],"yoast_head":"<!-- This site is optimized with the Yoast SEO plugin v26.4 - https:\/\/yoast.com\/wordpress\/plugins\/seo\/ -->\n<title>\u00c9v\u00e9nements sp\u00e9ciaux - Nad\u00e8re arts vivants<\/title>\n<meta name=\"robots\" content=\"index, follow, max-snippet:-1, max-image-preview:large, max-video-preview:-1\" \/>\n<link rel=\"canonical\" href=\"https:\/\/nadereartsvivants.com\/en\/evenements-speciaux-2\/\" \/>\n<meta property=\"og:locale\" content=\"en_US\" \/>\n<meta property=\"og:type\" content=\"article\" \/>\n<meta property=\"og:title\" content=\"\u00c9v\u00e9nements sp\u00e9ciaux - Nad\u00e8re arts vivants\" \/>\n<meta property=\"og:description\" content=\"&quot;Faire Salon&quot;Wednesday, September 22 at 11pm to Friday, September 24 at 10pm, continuously, Toulouse (France). &nbsp; For three days, Ya&euml;lle Antoine, Artistic Director of Compagnie d&#039;ELLES (France), and Andr&eacute;ane Leclerc, Artistic Director of Nad&egrave;re Arts Vivants, have &quot; made salon &quot; at La Grainerie - Fabrique des arts du cirque et de l&#039;itin&eacute;rance - P&ocirc;le europ&eacute;en de production. They invited ... Read More\" \/>\n<meta property=\"og:url\" content=\"https:\/\/nadereartsvivants.com\/en\/evenements-speciaux-2\/\" \/>\n<meta property=\"og:site_name\" content=\"Nad\u00e8re arts vivants\" \/>\n<meta property=\"article:modified_time\" content=\"2022-04-20T19:38:28+00:00\" \/>\n<meta name=\"twitter:card\" content=\"summary_large_image\" \/>\n<meta name=\"twitter:label1\" content=\"Est. reading time\" \/>\n\t<meta name=\"twitter:data1\" content=\"2 minutes\" \/>\n<script type=\"application\/ld+json\" class=\"yoast-schema-graph\">{\"@context\":\"https:\/\/schema.org\",\"@graph\":[{\"@type\":\"WebPage\",\"@id\":\"https:\/\/nadereartsvivants.com\/en\/evenements-speciaux-2\/\",\"url\":\"https:\/\/nadereartsvivants.com\/en\/evenements-speciaux-2\/\",\"name\":\"\u00c9v\u00e9nements sp\u00e9ciaux - Nad\u00e8re arts vivants\",\"isPartOf\":{\"@id\":\"https:\/\/nadereartsvivants.com\/#website\"},\"datePublished\":\"2022-03-14T19:18:30+00:00\",\"dateModified\":\"2022-04-20T19:38:28+00:00\",\"breadcrumb\":{\"@id\":\"https:\/\/nadereartsvivants.com\/en\/evenements-speciaux-2\/#breadcrumb\"},\"inLanguage\":\"en-US\",\"potentialAction\":[{\"@type\":\"ReadAction\",\"target\":[\"https:\/\/nadereartsvivants.com\/en\/evenements-speciaux-2\/\"]}]},{\"@type\":\"BreadcrumbList\",\"@id\":\"https:\/\/nadereartsvivants.com\/en\/evenements-speciaux-2\/#breadcrumb\",\"itemListElement\":[{\"@type\":\"ListItem\",\"position\":1,\"name\":\"Accueil\",\"item\":\"https:\/\/nadereartsvivants.com\/en\/accueil\/\"},{\"@type\":\"ListItem\",\"position\":2,\"name\":\"\u00c9v\u00e9nements sp\u00e9ciaux\"}]},{\"@type\":\"WebSite\",\"@id\":\"https:\/\/nadereartsvivants.com\/#website\",\"url\":\"https:\/\/nadereartsvivants.com\/\",\"name\":\"Nad\u00e8re arts vivants\",\"description\":\"Po\u00e9sie noire aux \u00e9chos archa\u00eeques\",\"potentialAction\":[{\"@type\":\"SearchAction\",\"target\":{\"@type\":\"EntryPoint\",\"urlTemplate\":\"https:\/\/nadereartsvivants.com\/?s={search_term_string}\"},\"query-input\":{\"@type\":\"PropertyValueSpecification\",\"valueRequired\":true,\"valueName\":\"search_term_string\"}}],\"inLanguage\":\"en-US\"}]}<\/script>\n<!-- \/ Yoast SEO plugin. -->","yoast_head_json":{"title":"\u00c9v\u00e9nements sp\u00e9ciaux - Nad\u00e8re arts vivants","robots":{"index":"index","follow":"follow","max-snippet":"max-snippet:-1","max-image-preview":"max-image-preview:large","max-video-preview":"max-video-preview:-1"},"canonical":"https:\/\/nadereartsvivants.com\/en\/evenements-speciaux-2\/","og_locale":"en_US","og_type":"article","og_title":"\u00c9v\u00e9nements sp\u00e9ciaux - Nad\u00e8re arts vivants","og_description":"\"Faire Salon\"Wednesday, September 22 at 11pm to Friday, September 24 at 10pm, continuously, Toulouse (France). &nbsp; For three days, Ya&euml;lle Antoine, Artistic Director of Compagnie d'ELLES (France), and Andr&eacute;ane Leclerc, Artistic Director of Nad&egrave;re Arts Vivants, have \" made salon \" at La Grainerie - Fabrique des arts du cirque et de l'itin&eacute;rance - P&ocirc;le europ&eacute;en de production. They invited ... Read More","og_url":"https:\/\/nadereartsvivants.com\/en\/evenements-speciaux-2\/","og_site_name":"Nad\u00e8re arts vivants","article_modified_time":"2022-04-20T19:38:28+00:00","twitter_card":"summary_large_image","twitter_misc":{"Est. reading time":"2 minutes"},"schema":{"@context":"https:\/\/schema.org","@graph":[{"@type":"WebPage","@id":"https:\/\/nadereartsvivants.com\/en\/evenements-speciaux-2\/","url":"https:\/\/nadereartsvivants.com\/en\/evenements-speciaux-2\/","name":"\u00c9v\u00e9nements sp\u00e9ciaux - Nad\u00e8re arts vivants","isPartOf":{"@id":"https:\/\/nadereartsvivants.com\/#website"},"datePublished":"2022-03-14T19:18:30+00:00","dateModified":"2022-04-20T19:38:28+00:00","breadcrumb":{"@id":"https:\/\/nadereartsvivants.com\/en\/evenements-speciaux-2\/#breadcrumb"},"inLanguage":"en-US","potentialAction":[{"@type":"ReadAction","target":["https:\/\/nadereartsvivants.com\/en\/evenements-speciaux-2\/"]}]},{"@type":"BreadcrumbList","@id":"https:\/\/nadereartsvivants.com\/en\/evenements-speciaux-2\/#breadcrumb","itemListElement":[{"@type":"ListItem","position":1,"name":"Accueil","item":"https:\/\/nadereartsvivants.com\/en\/accueil\/"},{"@type":"ListItem","position":2,"name":"\u00c9v\u00e9nements sp\u00e9ciaux"}]},{"@type":"WebSite","@id":"https:\/\/nadereartsvivants.com\/#website","url":"https:\/\/nadereartsvivants.com\/","name":"Nad\u00e8re arts vivants","description":"Po\u00e9sie noire aux \u00e9chos archa\u00eeques","potentialAction":[{"@type":"SearchAction","target":{"@type":"EntryPoint","urlTemplate":"https:\/\/nadereartsvivants.com\/?s={search_term_string}"},"query-input":{"@type":"PropertyValueSpecification","valueRequired":true,"valueName":"search_term_string"}}],"inLanguage":"en-US"}]}},"_links":{"self":[{"href":"https:\/\/nadereartsvivants.com\/en\/wp-json\/wp\/v2\/pages\/1210","targetHints":{"allow":["GET"]}}],"collection":[{"href":"https:\/\/nadereartsvivants.com\/en\/wp-json\/wp\/v2\/pages"}],"about":[{"href":"https:\/\/nadereartsvivants.com\/en\/wp-json\/wp\/v2\/types\/page"}],"author":[{"embeddable":true,"href":"https:\/\/nadereartsvivants.com\/en\/wp-json\/wp\/v2\/users\/2"}],"replies":[{"embeddable":true,"href":"https:\/\/nadereartsvivants.com\/en\/wp-json\/wp\/v2\/comments?post=1210"}],"version-history":[{"count":4,"href":"https:\/\/nadereartsvivants.com\/en\/wp-json\/wp\/v2\/pages\/1210\/revisions"}],"predecessor-version":[{"id":1261,"href":"https:\/\/nadereartsvivants.com\/en\/wp-json\/wp\/v2\/pages\/1210\/revisions\/1261"}],"wp:attachment":[{"href":"https:\/\/nadereartsvivants.com\/en\/wp-json\/wp\/v2\/media?parent=1210"}],"curies":[{"name":"wp","href":"https:\/\/api.w.org\/{rel}","templated":true}]}}