{"id":503,"date":"2019-07-19T19:15:05","date_gmt":"2019-07-19T23:15:05","guid":{"rendered":"https:\/\/nadereartsvivants.com\/calendrier\/"},"modified":"2024-12-05T10:35:02","modified_gmt":"2024-12-05T15:35:02","slug":"news","status":"publish","type":"page","link":"https:\/\/nadereartsvivants.com\/en\/news\/","title":{"rendered":"News"},"content":{"rendered":"<div id=\"cs-content\" class=\"cs-content\"><div class=\"x-section e503-e1 mdz-0\"><div class=\"x-container marginless-columns e503-e2 mdz-1\"><div class=\"x-column x-sm x-1-2 e503-e3 mdz-2\"><span class=\"x-image e503-e4 mdz-3\"><img decoding=\"async\" src=\"https:\/\/nadereartsvivants.com\/wp-content\/uploads\/2024\/11\/DSC08075-scaled.jpg\" width=\"854\" height=\"1280\" alt=\"Image\" loading=\"lazy\"><\/span><\/div><div class=\"x-column x-sm x-1-2 e503-e5 mdz-2\"><div class=\"x-text x-content e503-e6 mdz-4 mdz-5 mdz-6\"><h3><span style=\"color: #000000;\"><b>UPCOMING<\/b><\/span><\/h3><\/div><div class=\"x-text x-text-headline e503-e7 mdz-9\"><div class=\"x-text-content\"><div class=\"x-text-content-text\"><h1 class=\"x-text-content-text-primary\">2025<\/h1><\/div><\/div><\/div><div class=\"x-text x-content e503-e8 mdz-5 mdz-6 mdz-7\"><p><strong>Artist in Residency<br \/><\/strong>PuSh Festival, Vancouver<br \/>January 27 - February 8, 2025<\/p>\n<p><strong>Contortion: opening, amplitude and movement of the spine<\/strong><br \/>Studio 303, Montreal<br \/>January 6-12, 2025<\/p><\/div><div class=\"x-acc e503-e9 mdz-a\" id=\"x-acc-e503-e9\"><div class=\"e503-e10 x-acc-item\"><button id=\"tab-e503-e10\" class=\"x-acc-header\" role=\"button\" type=\"button\" aria-expanded=\"false\" aria-controls=\"panel-e503-e10\" data-x-toggle=\"collapse\" data-x-toggleable=\"e503-e10\"><span class=\"x-acc-header-content\"><span class=\"x-acc-header-indicator\">&#x25b8;<\/span><span class=\"x-acc-header-text\"><h2>2024<\/h2><\/span><\/span><\/button><div id=\"panel-e503-e10\" role=\"tabpanel\" aria-hidden=\"true\" aria-labelledby=\"tab-e503-e10\" data-x-toggleable=\"e503-e10\" data-x-toggle-collapse=\"1\" class=\"x-collapsed\"><div class=\"x-acc-content\"><div class=\"x-text x-content e503-e11 mdz-5 mdz-7 mdz-8\"><p><strong>CINARS<br \/><\/strong>Montreal<br \/>November 11-17, 2024<\/p>\n<p><strong>Research and creation residency Xx<\/strong><br \/>Maison de la culture du Plateau, Montreal<br \/>August 26-30, 2024<br \/><br \/><strong>Performance Xx<\/strong><br \/>PointO Festival, Pointe-aux-trembles<br \/>June 9th 2024<br \/><br \/><strong>Research and creation residency Xx<\/strong><br \/>D'Arts et de r&ecirc;ves, Sutton<br \/>April 22 and May 6, 2024<br \/><br \/><strong>Cherepaka<\/strong><br \/>Centre PHI, Espaces Incarn&eacute;s, Montreal<br \/>February 24-25, 2024<br \/><br \/><strong>Contortion: opening, amplitude and movement of the spine<\/strong><br \/>Studio 303, Montreal<br \/>January 8-12, 2024<\/p><\/div><\/div><\/div><\/div><div class=\"e503-e12 x-acc-item\"><button id=\"tab-e503-e12\" class=\"x-acc-header\" role=\"button\" type=\"button\" aria-expanded=\"false\" aria-controls=\"panel-e503-e12\" data-x-toggle=\"collapse\" data-x-toggleable=\"e503-e12\"><span class=\"x-acc-header-content\"><span class=\"x-acc-header-indicator\">&#x25b8;<\/span><span class=\"x-acc-header-text\"><h2>2023<\/h2><\/span><\/span><\/button><div id=\"panel-e503-e12\" role=\"tabpanel\" aria-hidden=\"true\" aria-labelledby=\"tab-e503-e12\" data-x-toggleable=\"e503-e12\" data-x-toggle-collapse=\"1\" class=\"x-collapsed\"><div class=\"x-acc-content\"><div class=\"x-text x-content e503-e13 mdz-5 mdz-7 mdz-8\"><p><strong>L'ab&icirc;me, part 3 of &Agrave; l'Est de Nod<\/strong><br \/>Th&eacute;&acirc;tre La Chapelle, Montreal<br \/>Dance Journey<br \/>29, 30 November and 1, 2 December 2023<br \/><br \/><strong>&Agrave; l'Est de Nod<\/strong><br \/>Th&eacute;&acirc;tre Alphonse-Desjardins, Repentigny<br \/>September 29-30, 2023<br \/><br \/><strong>La for&ecirc;t, time 1 of &Agrave; l'Est de Nod (South American premiere)<\/strong><br \/>Buenos Aires International Festival - FIBA, Buenos Aires (Argentina)<br \/>6 February to 5 March 2023<\/p><\/div><\/div><\/div><\/div><div class=\"e503-e14 x-acc-item\"><button id=\"tab-e503-e14\" class=\"x-acc-header\" role=\"button\" type=\"button\" aria-expanded=\"false\" aria-controls=\"panel-e503-e14\" data-x-toggle=\"collapse\" data-x-toggleable=\"e503-e14\"><span class=\"x-acc-header-content\"><span class=\"x-acc-header-indicator\">&#x25b8;<\/span><span class=\"x-acc-header-text\"><h2>2022<\/h2><\/span><\/span><\/button><div id=\"panel-e503-e14\" role=\"tabpanel\" aria-hidden=\"true\" aria-labelledby=\"tab-e503-e14\" data-x-toggleable=\"e503-e14\" data-x-toggle-collapse=\"1\" class=\"x-collapsed\"><div class=\"x-acc-content\"><div class=\"x-text x-content e503-e15 mdz-5 mdz-7 mdz-8\"><p><strong>La for&ecirc;t, time 1 of &Agrave; l'Est de Nod<\/strong><br \/>CAMP_iN, M&eacute;rida (Yucatan, Mexico)<br \/>December 7 to 17, 2022<\/p>\n<p><strong>Dialogue and acrobatic writing (Workshop)<\/strong><br \/>Festival Internacional de Circo Periplo, Guadalajara (Jalisco, Mexico)<br \/>November 21 to 24, 2022<\/p>\n<p><strong>L'ab&icirc;me, time 3 of &Agrave; l'Est de Nod (showcase)<\/strong><br \/>OFF-CINARS, Montreal<br \/>November 11th, 2022<\/p>\n<p><strong>&Agrave; l'Est de Nod (European premiere)<\/strong><br \/>La Grainerie, as part of the International Biennial of Peforming Arts, Toulouse (France)<br \/>September 23 to October 9, 2022<\/p>\n<p><strong>La for&ecirc;t, time 1 of &Agrave; l'Est de Nod<\/strong><br \/>Contemporary Choreography Lab, Yerevan (Armenia)&nbsp;<br \/>September 5 to 15, 2022<\/p>\n<p><strong>(X) (showcase)<\/strong><br \/>Patro Villeray, Montreal<br \/>June 2 and 3, 2022<\/p>\n<p><strong>(X) (work in progress)<br \/><\/strong>Circuit-Est, Montreal<br \/>March 28th to April 3rd<\/p>\n<p class=\"x-text-content-text-primary\"><strong>Interdisciplinary dramaturgy lab<br \/><\/strong><\/p>\n<p>Studio 303, Montreal<br \/>February 21th to 25th<\/p>\n<p><strong>&Agrave; l&rsquo;Est de Nod (World Premiere)<br \/><\/strong>Mus&eacute;e d'art de Rouyn-Noranda (Abitibi-T&eacute;miscamingue, Quebec)<br \/>February 14th to 16th<\/p><\/div><\/div><\/div><\/div><div class=\"e503-e16 x-acc-item\"><button id=\"tab-e503-e16\" class=\"x-acc-header\" role=\"button\" type=\"button\" aria-expanded=\"false\" aria-controls=\"panel-e503-e16\" data-x-toggle=\"collapse\" data-x-toggleable=\"e503-e16\"><span class=\"x-acc-header-content\"><span class=\"x-acc-header-indicator\">&#x25b8;<\/span><span class=\"x-acc-header-text\"><h2>2021<\/h2><\/span><\/span><\/button><div id=\"panel-e503-e16\" role=\"tabpanel\" aria-hidden=\"true\" aria-labelledby=\"tab-e503-e16\" data-x-toggleable=\"e503-e16\" data-x-toggle-collapse=\"1\" class=\"x-collapsed\"><div class=\"x-acc-content\"><div class=\"x-text x-content e503-e17 mdz-5 mdz-7 mdz-8\"><p class=\"x-text-content-text-primary\"><strong>Contortion: Opening, amplitude and movement of the spine<\/strong><\/p>\n<p>Studio 303, Montreal<br \/>D&eacute;cembre, 2021<\/p>\n<p><strong>L&rsquo;ab&icirc;me, temps 3 de &Agrave; l&rsquo;est de Nod (work in progress)<br \/><\/strong>Mus&eacute;e d'Art de Rouyn-Noranda, Abitibi-T&eacute;miscamingue<br \/>November, 2021<\/p>\n<p><strong>La for&ecirc;t, temps 1 de &Agrave; l'est de Nod (work in progress)<br \/><\/strong>XXIV&nbsp;Festival Internacional de Danza Jalisco, Guadalajara (Mexico)<br \/>October, 2021<\/p>\n<p><strong>(X)<br \/><\/strong>CIAM, Jean Jaur&egrave;s University, Toulouse (France)<br \/>September, 2021<\/p>\n<p><strong>Faire Salon<br \/><\/strong>By and with Andr&eacute;ane Leclerc and Ya&euml;lle Antoine<br \/>La Grainerie, Toulouse (France)<br \/>September, 2021<\/p>\n<p><strong>L'ab&icirc;me, temps 3 de &Agrave; l'est de Nod (work in progress)<\/strong><br \/>Carrefour culturel, Notre-Dame-des-Prairies<br \/>September, 2021<\/p>\n<p><strong>La for&ecirc;t, temps 1 de &Agrave; l'est de Nod (work in progress)<\/strong><br \/>Patro Villeray, Montreal<br \/>May, 2021<\/p>\n<p><strong>CINARS WEB<\/strong><br \/>May, 2021<\/p>\n<p><strong>Contortion: amplitude, movement and opening of the spine<\/strong><br \/>En Piste, national circus arts association, Montreal<br \/>April, 2021<\/p>\n<p><strong>Cherepaka<\/strong><br \/>Official selection - Tokyo Performing Arts Meeting (TPAM), Tokyo (Japan)<br \/>February, 2021<\/p>\n<p><strong>CIRQUE - A composition of the in-between<\/strong><br \/>Playwright workshop Montreal<br \/>January, 2021<\/p><\/div><\/div><\/div><\/div><div class=\"e503-e18 x-acc-item\"><button id=\"tab-e503-e18\" class=\"x-acc-header\" role=\"button\" type=\"button\" aria-expanded=\"false\" aria-controls=\"panel-e503-e18\" data-x-toggle=\"collapse\" data-x-toggleable=\"e503-e18\"><span class=\"x-acc-header-content\"><span class=\"x-acc-header-indicator\">&#x25b8;<\/span><span class=\"x-acc-header-text\"><h2>2020<\/h2><\/span><\/span><\/button><div id=\"panel-e503-e18\" role=\"tabpanel\" aria-hidden=\"true\" aria-labelledby=\"tab-e503-e18\" data-x-toggleable=\"e503-e18\" data-x-toggle-collapse=\"1\" class=\"x-collapsed\"><div class=\"x-acc-content\"><div class=\"x-text x-content e503-e19 mdz-5 mdz-7 mdz-8\"><p><strong>Contortion: amplitude, movement and opening of the spine<\/strong><br \/>Studio 303, Montreal<br \/>December, 2020<\/p>\n<p><strong>14 minutes of silence<\/strong><br \/>By and with Andr&eacute;ane Leclerc, Kim Sanh Chau, Michel F. C&ocirc;t&eacute; and Jean-S&eacute;bastien Francoeur <br \/>Production : Laboratoires, Les Improduits<br \/>Montreal<br \/>November, 2020<\/p>\n<p><strong>Conference<\/strong>&nbsp;<br \/>Guadalajara International Dance Festival (Mexico)<br \/>November, 2020<\/p>\n<p><strong>(Dis)articulating your artistic approach<\/strong><br \/>By Andr&eacute;ane Leclerc and Myriam St&eacute;phanie Perraton Lambert<br \/>En piste, national circus arts association, Montreal<br \/>October, 2020<\/p>\n<p><strong>L&egrave;che-vitrine<\/strong><br \/>Production: La compagnie des autres<br \/>Montreal<br \/>October, 2020<\/p>\n<p><strong>From the river to the mountain, performative walk<\/strong><br \/>IETM multiville, Montreal<br \/>October, 2020<\/p>\n<p><strong>L'ab&icirc;me, temps 3 de &Agrave; l'est de Nod (work in progress)<\/strong><br \/>Maison de la culture Notre-Dame-de-Gr&acirc;ce, Montreal<br \/>September, 2020<\/p>\n<p><strong>Cherepaka Sculptural<\/strong><br \/>Boutique Jamais Assez, Montreal<br \/>September, 2020<\/p>\n<p><strong>Di(x)parue<\/strong><br \/>Edinburgh Fringe Festival, C Venue Online (Scotland)<br \/>August, 2020<\/p>\n<p><strong>Festival invisible Inequilibrio<\/strong><br \/>Armunia, Rosignano Marittimo (Italy)<br \/>July, 2020<\/p>\n<p><strong>The Whore of Babylon featuring The Tiger Lillies&nbsp;<\/strong><br \/>Release of the original album (online)<br \/>May, 2020<\/p><\/div><\/div><\/div><\/div><\/div><\/div><\/div><\/div><\/div>\n","protected":false},"excerpt":{"rendered":"<p>UPCOMING2025Artist in ResidencyPuSh Festival, VancouverJanuary 27 &#8211; February 8, 2025 Contortion: opening, amplitude and movement of the spineStudio 303, MontrealJanuary 6-12, 2025&#x25b8;2024CINARSMontrealNovember 11-17, 2024 Research and creation residency XxMaison de la culture du Plateau, MontrealAugust 26-30, 2024Performance XxPointO Festival, Pointe-aux-tremblesJune 9th 2024Research and creation residency XxD&#8217;Arts et de r&ecirc;ves, SuttonApril 22 and May 6, 2024CherepakaCentre PHI, Espaces Incarn&eacute;s, MontrealFebruary 24-25, &#8230; <a href=\"https:\/\/nadereartsvivants.com\/en\/news\/\" class=\"more-link\">Read More<\/a><\/p>\n","protected":false},"author":1,"featured_media":0,"parent":0,"menu_order":0,"comment_status":"closed","ping_status":"closed","template":"","meta":{"_monsterinsights_skip_tracking":false,"_monsterinsights_sitenote_active":false,"_monsterinsights_sitenote_note":"","_monsterinsights_sitenote_category":0,"footnotes":"","_links_to":"","_links_to_target":""},"class_list":["post-503","page","type-page","status-publish","hentry","no-post-thumbnail"],"yoast_head":"<!-- This site is optimized with the Yoast SEO plugin v26.4 - https:\/\/yoast.com\/wordpress\/plugins\/seo\/ -->\n<title>News - Nad\u00e8re arts vivants<\/title>\n<meta name=\"robots\" content=\"index, follow, max-snippet:-1, max-image-preview:large, max-video-preview:-1\" \/>\n<link rel=\"canonical\" href=\"https:\/\/nadereartsvivants.com\/en\/news\/\" \/>\n<meta property=\"og:locale\" content=\"en_US\" \/>\n<meta property=\"og:type\" content=\"article\" \/>\n<meta property=\"og:title\" content=\"News - Nad\u00e8re arts vivants\" \/>\n<meta property=\"og:description\" content=\"UPCOMING2025Artist in ResidencyPuSh Festival, VancouverJanuary 27 - February 8, 2025 Contortion: opening, amplitude and movement of the spineStudio 303, MontrealJanuary 6-12, 2025&#x25b8;2024CINARSMontrealNovember 11-17, 2024 Research and creation residency XxMaison de la culture du Plateau, MontrealAugust 26-30, 2024Performance XxPointO Festival, Pointe-aux-tremblesJune 9th 2024Research and creation residency XxD&#039;Arts et de r&ecirc;ves, SuttonApril 22 and May 6, 2024CherepakaCentre PHI, Espaces Incarn&eacute;s, MontrealFebruary 24-25, ... Read More\" \/>\n<meta property=\"og:url\" content=\"https:\/\/nadereartsvivants.com\/en\/news\/\" \/>\n<meta property=\"og:site_name\" content=\"Nad\u00e8re arts vivants\" \/>\n<meta property=\"article:modified_time\" content=\"2024-12-05T15:35:02+00:00\" \/>\n<meta name=\"twitter:card\" content=\"summary_large_image\" \/>\n<meta name=\"twitter:label1\" content=\"Est. reading time\" \/>\n\t<meta name=\"twitter:data1\" content=\"1 minute\" \/>\n<script type=\"application\/ld+json\" class=\"yoast-schema-graph\">{\"@context\":\"https:\/\/schema.org\",\"@graph\":[{\"@type\":\"WebPage\",\"@id\":\"https:\/\/nadereartsvivants.com\/en\/news\/\",\"url\":\"https:\/\/nadereartsvivants.com\/en\/news\/\",\"name\":\"News - Nad\u00e8re arts vivants\",\"isPartOf\":{\"@id\":\"https:\/\/nadereartsvivants.com\/#website\"},\"datePublished\":\"2019-07-19T23:15:05+00:00\",\"dateModified\":\"2024-12-05T15:35:02+00:00\",\"breadcrumb\":{\"@id\":\"https:\/\/nadereartsvivants.com\/en\/news\/#breadcrumb\"},\"inLanguage\":\"en-US\",\"potentialAction\":[{\"@type\":\"ReadAction\",\"target\":[\"https:\/\/nadereartsvivants.com\/en\/news\/\"]}]},{\"@type\":\"BreadcrumbList\",\"@id\":\"https:\/\/nadereartsvivants.com\/en\/news\/#breadcrumb\",\"itemListElement\":[{\"@type\":\"ListItem\",\"position\":1,\"name\":\"Accueil\",\"item\":\"https:\/\/nadereartsvivants.com\/en\/accueil\/\"},{\"@type\":\"ListItem\",\"position\":2,\"name\":\"News\"}]},{\"@type\":\"WebSite\",\"@id\":\"https:\/\/nadereartsvivants.com\/#website\",\"url\":\"https:\/\/nadereartsvivants.com\/\",\"name\":\"Nad\u00e8re arts vivants\",\"description\":\"Po\u00e9sie noire aux \u00e9chos archa\u00eeques\",\"potentialAction\":[{\"@type\":\"SearchAction\",\"target\":{\"@type\":\"EntryPoint\",\"urlTemplate\":\"https:\/\/nadereartsvivants.com\/?s={search_term_string}\"},\"query-input\":{\"@type\":\"PropertyValueSpecification\",\"valueRequired\":true,\"valueName\":\"search_term_string\"}}],\"inLanguage\":\"en-US\"}]}<\/script>\n<!-- \/ Yoast SEO plugin. -->","yoast_head_json":{"title":"News - Nad\u00e8re arts vivants","robots":{"index":"index","follow":"follow","max-snippet":"max-snippet:-1","max-image-preview":"max-image-preview:large","max-video-preview":"max-video-preview:-1"},"canonical":"https:\/\/nadereartsvivants.com\/en\/news\/","og_locale":"en_US","og_type":"article","og_title":"News - Nad\u00e8re arts vivants","og_description":"UPCOMING2025Artist in ResidencyPuSh Festival, VancouverJanuary 27 - February 8, 2025 Contortion: opening, amplitude and movement of the spineStudio 303, MontrealJanuary 6-12, 2025&#x25b8;2024CINARSMontrealNovember 11-17, 2024 Research and creation residency XxMaison de la culture du Plateau, MontrealAugust 26-30, 2024Performance XxPointO Festival, Pointe-aux-tremblesJune 9th 2024Research and creation residency XxD'Arts et de r&ecirc;ves, SuttonApril 22 and May 6, 2024CherepakaCentre PHI, Espaces Incarn&eacute;s, MontrealFebruary 24-25, ... Read More","og_url":"https:\/\/nadereartsvivants.com\/en\/news\/","og_site_name":"Nad\u00e8re arts vivants","article_modified_time":"2024-12-05T15:35:02+00:00","twitter_card":"summary_large_image","twitter_misc":{"Est. reading time":"1 minute"},"schema":{"@context":"https:\/\/schema.org","@graph":[{"@type":"WebPage","@id":"https:\/\/nadereartsvivants.com\/en\/news\/","url":"https:\/\/nadereartsvivants.com\/en\/news\/","name":"News - Nad\u00e8re arts vivants","isPartOf":{"@id":"https:\/\/nadereartsvivants.com\/#website"},"datePublished":"2019-07-19T23:15:05+00:00","dateModified":"2024-12-05T15:35:02+00:00","breadcrumb":{"@id":"https:\/\/nadereartsvivants.com\/en\/news\/#breadcrumb"},"inLanguage":"en-US","potentialAction":[{"@type":"ReadAction","target":["https:\/\/nadereartsvivants.com\/en\/news\/"]}]},{"@type":"BreadcrumbList","@id":"https:\/\/nadereartsvivants.com\/en\/news\/#breadcrumb","itemListElement":[{"@type":"ListItem","position":1,"name":"Accueil","item":"https:\/\/nadereartsvivants.com\/en\/accueil\/"},{"@type":"ListItem","position":2,"name":"News"}]},{"@type":"WebSite","@id":"https:\/\/nadereartsvivants.com\/#website","url":"https:\/\/nadereartsvivants.com\/","name":"Nad\u00e8re arts vivants","description":"Po\u00e9sie noire aux \u00e9chos archa\u00eeques","potentialAction":[{"@type":"SearchAction","target":{"@type":"EntryPoint","urlTemplate":"https:\/\/nadereartsvivants.com\/?s={search_term_string}"},"query-input":{"@type":"PropertyValueSpecification","valueRequired":true,"valueName":"search_term_string"}}],"inLanguage":"en-US"}]}},"_links":{"self":[{"href":"https:\/\/nadereartsvivants.com\/en\/wp-json\/wp\/v2\/pages\/503","targetHints":{"allow":["GET"]}}],"collection":[{"href":"https:\/\/nadereartsvivants.com\/en\/wp-json\/wp\/v2\/pages"}],"about":[{"href":"https:\/\/nadereartsvivants.com\/en\/wp-json\/wp\/v2\/types\/page"}],"author":[{"embeddable":true,"href":"https:\/\/nadereartsvivants.com\/en\/wp-json\/wp\/v2\/users\/1"}],"replies":[{"embeddable":true,"href":"https:\/\/nadereartsvivants.com\/en\/wp-json\/wp\/v2\/comments?post=503"}],"version-history":[{"count":29,"href":"https:\/\/nadereartsvivants.com\/en\/wp-json\/wp\/v2\/pages\/503\/revisions"}],"predecessor-version":[{"id":1621,"href":"https:\/\/nadereartsvivants.com\/en\/wp-json\/wp\/v2\/pages\/503\/revisions\/1621"}],"wp:attachment":[{"href":"https:\/\/nadereartsvivants.com\/en\/wp-json\/wp\/v2\/media?parent=503"}],"curies":[{"name":"wp","href":"https:\/\/api.w.org\/{rel}","templated":true}]}}